{"id":1343,"date":"2020-08-11T13:26:38","date_gmt":"2020-08-11T17:26:38","guid":{"rendered":"https:\/\/aseq-ehaq.ca\/?page_id=1343"},"modified":"2024-05-28T11:04:26","modified_gmt":"2024-05-28T15:04:26","slug":"media","status":"publish","type":"page","link":"https:\/\/aseq-ehaq.ca\/en\/news\/media\/","title":{"rendered":"Media"},"content":{"rendered":"\n<p><strong><a href=\"https:\/\/aseq-ehaq.ca\/en\/press-june-3-2024\/\">June 3, 2024 \u2013 Media<\/a><\/strong><\/p>\n\n\n\n<p><\/p>\n\n\n\n<p><a href=\"https:\/\/www.ctvnews.ca\/health\/woman-with-chemical-sensitivities-chose-medically-assisted-death-after-failed-bid-to-get-better-housing-1.5860579\" target=\"_blank\" rel=\"noreferrer noopener\">Women with chemical sensitivities chose medically-assisted death after failed bid to get better housing, CTV, April 13, 2022<\/a><\/p>\n\n\n\n<div class=\"wp-block-group\"><div class=\"wp-block-group__inner-container is-layout-flow wp-block-group-is-layout-flow\">\n<h3 class=\"wp-block-heading\">MEDIA COVERAGE<\/h3>\n\n\n<div class=\"su-spoiler su-spoiler-style-default su-spoiler-icon-plus su-spoiler-closed\" data-scroll-offset=\"0\" data-anchor-in-url=\"no\"><div class=\"su-spoiler-title\" tabindex=\"0\" role=\"button\"><span class=\"su-spoiler-icon\"><\/span>Click here to listen<\/div><div class=\"su-spoiler-content su-u-clearfix su-u-trim\">\n\n\n\n<p><a rel=\"noreferrer noopener\" href=\"https:\/\/cdn.cogecolive.com\/prod-20190930\/2019_09_30_quem_michel_gaudet_1569879985834758.mp3\" target=\"_blank\"><\/a><a rel=\"noreferrer noopener\" href=\"https:\/\/cdn.cogecolive.com\/prod-20190930\/2019_09_30_quem_michel_gaudet_1569879985834758.mp3\" target=\"_blank\">Radio Canada, Patrick Lagac\u00e9, 98.5 FM (September 30, 2019)<\/a>:<audio src=\"https:\/\/www.aseq-ehaq.ca\/wp-content\/uploads\/2017\/03\/2019_09_30_quem_michel_gaudet_1569879985834758.mp3\"><\/audio><\/p>\n\n\n\n<figure class=\"wp-block-audio\"><audio controls src=\"https:\/\/aseq-ehaq.ca\/wp-content\/uploads\/2020\/07\/2019_09_30_quem_michel_gaudet_1569879985834758.mp3\"><\/audio><\/figure>\n\n\n\n<hr class=\"wp-block-separator has-css-opacity\"\/>\n\n\n\n<p><a rel=\"noreferrer noopener\" href=\"https:\/\/joneakes.com\/radio-shows\/656\" target=\"_blank\">Jon Eakes, CJAD 800AM, Montr\u00e9al (February 29, 2020):<br><\/a><a href=\"https:\/\/joneakes.com\/radio-shows\/656\">https:\/\/joneakes.com\/radio-shows\/656<\/a><\/p>\n\n\n\n<hr class=\"wp-block-separator has-css-opacity\"\/>\n\n\n\n<p><a rel=\"noreferrer noopener\" href=\"https:\/\/www.cbc.ca\/listen\/live-radio\/1-383-lets-go\/clip\/15762577-should-hospitals-be-perfume-free\" target=\"_blank\">\u201cLet\u2019s Go\u201d, Sandrina Marandola, CBC Radio 88.5 FM, (February 25, 2020):<br><\/a><a rel=\"noreferrer noopener\" href=\"https:\/\/www.cbc.ca\/listen\/live-radio\/1-383-lets-go\/clip\/15762577-should-hospitals-be-perfume-free\" target=\"_blank\">https:\/\/www.cbc.ca\/listen\/live-radio\/1-383-lets-go\/clip\/15762577-should-hospitals-be-perfume-free<\/a><audio src=\"https:\/\/www.aseq-ehaq.ca\/wp-content\/uploads\/2017\/03\/Michel-Radio-.mp3\"><\/audio><\/p>\n\n\n\n<figure class=\"wp-block-audio\"><audio controls src=\"https:\/\/aseq-ehaq.ca\/wp-content\/uploads\/2020\/07\/Michel-Radio-.mp3\"><\/audio><\/figure>\n\n\n\n<hr class=\"wp-block-separator has-css-opacity\"\/>\n\n\n\n<p>\u2018Breakaway\u2019, CBC Radio 104.7 FM, (February 28, 2020):<audio src=\"https:\/\/www.aseq-ehaq.ca\/wp-content\/uploads\/2017\/03\/Scent-Free-CBC-Quebec-interview_1981947_2020-03-04T15-48-37.589.mp3\"><\/audio><\/p>\n\n\n\n<figure class=\"wp-block-audio\"><audio controls src=\"https:\/\/aseq-ehaq.ca\/wp-content\/uploads\/2020\/07\/Scent-Free-CBC-Quebec-interview_1981947_2020-03-04T15-48-37.589.mp3\"><\/audio><\/figure>\n\n\n\n<hr class=\"wp-block-separator has-css-opacity\"\/>\n\n\n\n<p>Be sensitive to those with environmental sensitivities<br><a href=\"https:\/\/davidsuzuki.org\/queen-of-green\/sensitive-environmental-sensitivities\/\">https:\/\/davidsuzuki.org\/queen-of-green\/sensitive-environmental-sensitivities\/<\/a><\/p>\n\n\n\n<hr class=\"wp-block-separator has-css-opacity\"\/>\n\n\n\n<p>\u201cRadio Noon Quebec\u201d, CBC Radio 88.5 FM (March 2, 2020):<br><a rel=\"noreferrer noopener\" href=\"https:\/\/www.cbc.ca\/listen\/live-radio\/1-102-radio-noon-quebec\/clip\/15763749-do-we-need-a-ban-on-scents-and-perfumes-in-hospitals\" target=\"_blank\">https:\/\/www.cbc.ca\/listen\/live-radio\/1-102-radio-noon-quebec\/clip\/15763749-do-we-need-a-ban-on-scents-and-perfumes-in-hospitals<\/a><\/p>\n\n\n\n<hr class=\"wp-block-separator has-css-opacity\"\/>\n\n\n\n<p>TVA nouvelles (news)&nbsp;(March 3, 2020):<br><a rel=\"noreferrer noopener\" href=\"https:\/\/www.tvanouvelles.ca\/2020\/03\/03\/linterdiction-des-parfums-a-lhopital-reclamee\" target=\"_blank\">https:\/\/www.tvanouvelles.ca\/2020\/03\/03\/linterdiction-des-parfums-a-lhopital-reclamee<\/a><\/p>\n\n\n\n<hr class=\"wp-block-separator has-css-opacity\"\/>\n\n\n\n<p>Journal de Qu\u00e9bec (article, March 3, 2020) and LCN (interview, March 4, 2020):<br><a href=\"https:\/\/www.journaldequebec.com\/2020\/03\/03\/linterdiction-des-parfums-a-lhopital-reclamee-1\">https:\/\/www.journaldequebec.com\/2020\/03\/03\/linterdiction-des-parfums-a-lhopital-reclamee-1<\/a><\/p>\n\n\n\n<hr class=\"wp-block-separator has-css-opacity\"\/>\n\n\n\n<p>Journal de Montr\u00e9al (article, March 3, 2020) and LCN (interview, March 4, 2020):<br><a href=\"https:\/\/www.journaldemontreal.com\/2020\/03\/03\/linterdiction-des-parfums-a-lhopital-reclamee-1?fbclid=IwAR1l9x7HYDU1JTFTBs5_V-DuqsJBHxUAJr7Tf6XCdkywhD94RGSh2nOVoaI\">https:\/\/www.journaldemontreal.com\/2020\/03\/03\/linterdiction-des-parfums-a-lhopital-reclamee-1?fbclid=IwAR1l9x7HYDU1JTFTBs5_V-DuqsJBHxUAJr7Tf6XCdkywhD94RGSh2nOVoaI<\/a><\/p>\n\n\n\n<hr class=\"wp-block-separator has-css-opacity\"\/>\n\n\n\n<p>Robert Pilotte \u201cMidi Plus\u201d, 106.9 (FM) Mauricie (March 4, 2020):<br><a href=\"https:\/\/www.fm1069.ca\/extraits-audios\/faits-divers\/289233\/4-mars-le-directeur-general-de-lassociation-pour-la-sante-environnementale-du-quebec-aseq-michel-gaudet-parle-de-leur-demande-dinterdire-le-port-de-parfum-dans-les-hopitaux-de-la-province\">https:\/\/www.fm1069.ca\/extraits-audios\/faits-divers\/289233\/4-mars-le-directeur-general-de-lassociation-pour-la-sante-environnementale-du-quebec-aseq-michel-gaudet-parle-de-leur-demande-dinterdire-le-port-de-parfum-dans-les-hopitaux-de-la-province<\/a><\/p>\n\n\n\n<hr class=\"wp-block-separator has-css-opacity\"\/>\n\n\n\n<p>Martin Pelletier, \u201cMidi actualit\u00e9\u201d, 107.7 (FM) Estrie (March 4, 2020):<br><a href=\"https:\/\/www.fm1077.ca\/extraits-audios\/sante\/289270\/lhypersensibilite-chimique-plus-frequente-quon-le-pense\">https:\/\/www.fm1077.ca\/extraits-audios\/sante\/289270\/lhypersensibilite-chimique-plus-frequente-quon-le-pense<\/a><\/p>\n\n\n\n<hr class=\"wp-block-separator has-css-opacity\"\/>\n\n\n\n<p>Bernard Drainville, \u201cDrainville PM\u201d, 98.5 FM&nbsp;(March 4, 2020)<br>Pour des raisons de sant\u00e9, devrait-on interdire les parfums dans les h\u00f4pitaux?<br><a href=\"https:\/\/www.985fm.ca\/extraits-audios\/opinions\/289264\/pour-des-raisons-de-sante-devrait-on-interdire-les-parfums-dans-les-hopitaux\">https:\/\/www.985fm.ca\/extraits-audios\/opinions\/289264\/pour-des-raisons-de-sante-devrait-on-interdire-les-parfums-dans-les-hopitaux<\/a><\/p>\n\n\n\n<hr class=\"wp-block-separator has-css-opacity\"\/>\n\n\n\n<p>Pierre Donais (Reporter, Kenza Belhadi), TVA Gatineau (March 4, 2020):<br><a href=\"https:\/\/tvagatineau.ca\/blogue\/article\/une-association-veut-bannir-les-parfums-des-h%C3%B4pitaux?fbclid=IwAR2ip9s7N2uBUn9GYdeiMif5lHuM0nPH-O9Oc184rT3a9qSjEuAv5BmDGKk#.XmAiugLK_e8.email\">https:\/\/tvagatineau.ca\/blogue\/article\/une-association-veut-bannir-les-parfums-des-h%C3%B4pitaux?fbclid=IwAR2ip9s7N2uBUn9GYdeiMif5lHuM0nPH-O9Oc184rT3a9qSjEuAv5BmDGKk#.XmAiugLK_e8.email<\/a><\/p>\n\n\n\n<hr class=\"wp-block-separator has-css-opacity\"\/>\n\n\n\n<p>Repoter, Kenza Belhadi, TVA Gatineau-Ottawa, Midi 13 (March 4, 2020):<br><a href=\"https:\/\/www.facebook.com\/watch\/?v=652193308937459\">https:\/\/www.facebook.com\/watch\/?v=652193308937459<\/a><\/p>\n\n\n\n<hr class=\"wp-block-separator has-css-opacity\"\/>\n\n\n\n<p>Sur le vif\u2019, Radio Canada 90.7 FM. (3:37 PM -March 11 2020)<br>P\u00e9tition pour des \u00e9tablissements sans parfum dans les \u00e9tablissements de sant\u00e9<br><a href=\"http:\/\/www.radio-canada.ca\/util\/postier\/suggerer-go.asp?nID=4468732\">http:\/\/www.radio-canada.ca\/util\/postier\/suggerer-go.asp?nID=4468732<\/a><\/p>\n\n\n<\/div><\/div>\n<\/div><\/div>\n\n\n\n<div class=\"wp-block-group\"><div class=\"wp-block-group__inner-container is-layout-flow wp-block-group-is-layout-flow\">\n<h3 class=\"wp-block-heading\">Cause toujours, d\u00e9sastre naturel (in french only)<\/h3>\n\n\n<div class=\"su-spoiler su-spoiler-style-default su-spoiler-icon-plus su-spoiler-closed\" data-scroll-offset=\"0\" data-anchor-in-url=\"no\"><div class=\"su-spoiler-title\" tabindex=\"0\" role=\"button\"><span class=\"su-spoiler-icon\"><\/span>Click here to listen<\/div><div class=\"su-spoiler-content su-u-clearfix su-u-trim\">\n\n\n\n<p>A tv program on environmental sensitivities entitled \u2018Cause toujours. D\u00e9sastre naturel\u2019, which aired on December 7, 2015 on Community television in the Laurentians (TVCL)<\/p>\n\n\n\n<p><em>Participants are: Michel Gaudet, Executive Director of ASEQ and two members. Ms Muriel L\u00e9tourneau and Ms Janik Lauzon.<\/em><\/p>\n\n\n\n<p>To watch the video, please click here: <a href=\"https:\/\/vimeo.com\/148772054\" target=\"_blank\" rel=\"noreferrer noopener\">https:\/\/vimeo.com\/148772054<\/a><\/p>\n\n\n<\/div><\/div>\n<\/div><\/div>\n\n\n\n<div class=\"wp-block-group\"><div class=\"wp-block-group__inner-container is-layout-flow wp-block-group-is-layout-flow\">\n<h3 class=\"wp-block-heading\">Environmental Sensitivities \u2013 ADR.TV (in french only)<\/h3>\n\n\n<div class=\"su-spoiler su-spoiler-style-default su-spoiler-icon-plus su-spoiler-closed\" data-scroll-offset=\"0\" data-anchor-in-url=\"no\"><div class=\"su-spoiler-title\" tabindex=\"0\" role=\"button\"><span class=\"su-spoiler-icon\"><\/span>Click here to listen<\/div><div class=\"su-spoiler-content su-u-clearfix su-u-trim\">\n\n\n\n<h4 class=\"wp-block-heading\">Part 1.<\/h4>\n\n\n\n<p><a href=\"http:\/\/adr.tv\/webtv.php?type=extraits&amp;webtv=hypersensibilite-environnementale&amp;id_episode=617\" target=\"_blank\" rel=\"noreferrer noopener\">Watch on ADR.TV<\/a><\/p>\n\n\n\n<h4 class=\"wp-block-heading\">Part 2.<\/h4>\n\n\n\n<p><a href=\"http:\/\/adr.tv\/webtv.php?type=extraits&amp;webtv=hypersensibilite-environnementale&amp;id_episode=618\" target=\"_blank\" rel=\"noreferrer noopener\">Continue on ADR.TV<\/a><\/p>\n\n\n<\/div><\/div>\n<\/div><\/div>\n\n\n\n<div class=\"wp-block-group\"><div class=\"wp-block-group__inner-container is-layout-flow wp-block-group-is-layout-flow\">\n<h3 class=\"wp-block-heading\">ECOASIS: Environmental Sensitivities (in french only)<\/h3>\n\n\n<div class=\"su-spoiler su-spoiler-style-default su-spoiler-icon-plus su-spoiler-closed\" data-scroll-offset=\"0\" data-anchor-in-url=\"no\"><div class=\"su-spoiler-title\" tabindex=\"0\" role=\"button\"><span class=\"su-spoiler-icon\"><\/span>Click here to listen<\/div><div class=\"su-spoiler-content su-u-clearfix su-u-trim\">\n\n\n\n<p>ASEQ \u00e0 radiocanada<\/p>\n\n\n\n<p><a href=\"http:\/\/ici.radio-canada.ca\/widgets\/mediaconsole\/medianet\/7143157\">Listen at this link, between 45:45 et 53:15 (In French only)<\/a><\/p>\n\n\n<\/div><\/div>\n<\/div><\/div>\n\n\n\n<div class=\"wp-block-group\"><div class=\"wp-block-group__inner-container is-layout-flow wp-block-group-is-layout-flow\">\n<h3 class=\"wp-block-heading\">ENVIRONMENTAL SENSITIVITIES \u2013 A REAL PROBLEM (FRENCH ONLY)<\/h3>\n\n\n<div class=\"su-spoiler su-spoiler-style-default su-spoiler-icon-plus su-spoiler-closed\" data-scroll-offset=\"0\" data-anchor-in-url=\"no\"><div class=\"su-spoiler-title\" tabindex=\"0\" role=\"button\"><span class=\"su-spoiler-icon\"><\/span>Click here to listen and read<\/div><div class=\"su-spoiler-content su-u-clearfix su-u-trim\">\n\n\n\n<h4 class=\"wp-block-heading\">Hypersensibilit\u00e9 environnementale : un probl\u00e8me r\u00e9el<\/h4>\n\n\n\n<p><a href=\"http:\/\/www.radio-canada.ca\/regions\/saguenay-lac\/2013\/05\/25\/006-hypersensibilite-environnementale-atelier.shtml\" target=\"_blank\" rel=\"noreferrer noopener\">lire l\u2019article sur Radio Canada<\/a><\/p>\n\n\n\n<p>L\u2019Association pour la sant\u00e9 environnementale du Qu\u00e9bec donnait un atelier samedi \u00e0 Saint-David-de-Falardeau pour d\u00e9mystifier l\u2019hypersensibilit\u00e9 environnementale. 15 personnes ont particip\u00e9 \u00e0 la rencontre.<\/p>\n\n\n\n<p>Une hypersensibilit\u00e9 environnementale peut avoir plusieurs sources et les gens qui en souffrent pr\u00e9sentent des sympt\u00f4mes tr\u00e8s divers.<\/p>\n\n\n\n<p>\u00ab Des pesticides, des parfums, des solvants, perte de tol\u00e9rance \u00e0 des champs \u00e9lectromagn\u00e9tiques ou \u00e0 des moisissures. \u00c7a peut \u00eatre des rougeurs, au niveau des poumons, \u00e7a va br\u00fbler, ils ont des pertes de concentration, probl\u00e8mes pour uriner, probl\u00e8mes de gonflement, de diarrh\u00e9e \u00bb, explique le directeur g\u00e9n\u00e9ral de l\u2019Association Michel Gaudet.<\/p>\n\n\n\n<p>Ils seraient au moins 180 000 hypersensibles au Qu\u00e9bec, mais il n\u2019existe aucun diagnostic officiel comme en Ontario et en Nouvelle-\u00c9cosse. Ceux qui en souffrent font parfois face aux pr\u00e9jug\u00e9s.<\/p>\n\n\n\n<p>\u00ab C\u2019est un peu comme les canaris dans les mines de charbon. Quand les canaris tombaient, les mineurs sortaient en courant parce qu\u2019ils savaient que des gaz s\u2019en venaient. C\u2019est gens-l\u00e0 sont un peu comme des pr\u00e9curseurs des probl\u00e8mes qu\u2019il peut y avoir dans l\u2019environnement \u00bb, souligne Michel Gaudet.<\/p>\n\n\n\n<p>Pour plus d\u2019informations:&nbsp;<a href=\"http:\/\/www.evenements.uqam.ca\/?com=detail&amp;eID=214665\" target=\"_blank\" rel=\"noreferrer noopener\">UQAM<\/a>&nbsp;<a href=\"http:\/\/www.canalsavoir.tv\/emission\/campus\" target=\"_blank\" rel=\"noreferrer noopener\">Canal Savoir<\/a><\/p>\n\n\n<\/div><\/div>\n<\/div><\/div>\n\n\n\n<div class=\"wp-block-group\"><div class=\"wp-block-group__inner-container is-layout-flow wp-block-group-is-layout-flow\">\n<h3 class=\"wp-block-heading\">Un ph\u00e9nom\u00e8ne qui n\u2019est pas reconnu au Qu\u00e9bec (french only)<\/h3>\n\n\n<div class=\"su-spoiler su-spoiler-style-default su-spoiler-icon-plus su-spoiler-closed\" data-scroll-offset=\"0\" data-anchor-in-url=\"no\"><div class=\"su-spoiler-title\" tabindex=\"0\" role=\"button\"><span class=\"su-spoiler-icon\"><\/span>Click here to read<\/div><div class=\"su-spoiler-content su-u-clearfix su-u-trim\">\n\n\n\n<p>Vice-pr\u00e9sident de l\u2019ASEQ,&nbsp;Michel Gaudet constate que les membres de l\u2019Association,&nbsp;tous des gens souffrant d\u2019hypersensibilit\u00e9 environnementale,&nbsp;&nbsp;sont de plus en plus jeunes.<\/p>\n\n\n<div class=\"wp-block-image\">\n<figure class=\"alignleft\"><a href=\"http:\/\/www.leveil.com\/section\/2013-04-05\/article-3214295\/Hypersensibilite-%20environnementale%3A-la-raison-d%26rsquoetre-de-l%26rsquoASEQ\/1\"><img decoding=\"async\" src=\"https:\/\/www.aseq-ehaq.ca\/wp-content\/uploads\/2013\/04\/Michel_post.jpg\" alt=\"Michel_post\" class=\"wp-image-1491\"\/><\/a><\/figure>\n<\/div>\n\n\n<p><br>Publi\u00e9 le 5 Avril 2013<br><em>Nord Info<\/em>&nbsp;et&nbsp;<em>Voix des Mille-Iles<\/em><\/p>\n\n\n\n<p><br><a href=\"http:\/\/www.leveil.com\/Auteur-Valerie-Schmaltz\/2347\/199\/1\">Val\u00e9rie Schmaltz<\/a><br>L\u2019Association pour la sant\u00e9 environnementale du Qu\u00e9bec compte quelque 1 500 membres. Deux cents d\u2019entre eux se sont pr\u00eat\u00e9s \u00e0 un sondage maison, \u00e0 savoir s\u2019ils se souvenaient d\u2019un \u00e9v\u00e8nement particulier qu\u2019ils auraient pu relier \u00e0 l\u2019\u00e9closion de leur hypersensibilit\u00e9 environnementale.<\/p>\n\n\n\n<p><\/p>\n\n\n\n<p><em>\u00abLa moiti\u00e9 d\u2019entre eux a not\u00e9 un \u00e9v\u00e9nement particulier. Pour certains, c\u2019\u00e9tait quand ils ont d\u00e9cap\u00e9 un meuble, pour d\u2019autres, c\u2019est leur milieu de travail qui les a expos\u00e9s de fa\u00e7on r\u00e9p\u00e9t\u00e9e \u00e0 des produits pendant plusieurs ann\u00e9es. Et \u00e0 partir du moment o\u00f9 l\u2019on devient intol\u00e9rant, eh bien, on devient de plus en plus intol\u00e9rant\u00bb<\/em>, souligne le vice-pr\u00e9sident de l\u2019ASEQ, Michel Gaudet.<\/p>\n\n\n\n<p><\/p>\n\n\n\n<p><strong>R\u00e9action tr\u00e8s n\u00e9gative<\/strong><\/p>\n\n\n\n<p>En janvier 2008, munis de plusieurs rapports concernant l\u2019hypersensibilit\u00e9 environnementale, l\u2019Association pour la sant\u00e9 environnementale du Qu\u00e9bec a fait une pr\u00e9sentation au minist\u00e8re de la sant\u00e9. \u00c9taient pr\u00e9sents, la docteure Lynn Marshall, Meg Sears et d\u2019autres professionnels.<\/p>\n\n\n\n<p>\u00c0 ce chapitre, soulignons que l\u2019hypersensibilit\u00e9 environnementale n\u2019est pas encore reconnue comme une maladie au Qu\u00e9bec. Par contre, certains pays, comme l\u2019Allemagne, le Danemark, la Su\u00e8de, et m\u00eame certaines provinces canadiennes, comme l\u2019Ontario et la Nouvelle-\u00c9cosse, reconnaissent cette condition. En Nouvelle-\u00c9cosse, on trouve m\u00eame un centre de traitement. La Commission canadienne des droits de la personne a \u00e9galement admis que l\u2019hypersensibilit\u00e9 environnementale \u00e9tait un handicap.<\/p>\n\n\n\n<p>Toutefois, il est \u00e0 noter que le Qu\u00e9bec est la seule province canadienne \u00e0 avoir adopt\u00e9 un Code des pesticides, lequel interdit ou restreint l\u2019usage des pesticides en am\u00e9nagement paysager.<br><em>\u00ab\u00c0 l\u2019\u00e9chelle internationale, nationale, provinciale et municipale, les gouvernements ont reconnu les affections li\u00e9es \u00e0 l\u2019hypersensibilit\u00e9 environnementale. Cela a men\u00e9 au financement de programmes et d\u2019\u00e9tablissements de soins de sant\u00e9 cliniques. La sensibilisation du public et de la classe politique est particuli\u00e8rement importante dans le cas de probl\u00e8mes comme l\u2019hypersensibilit\u00e9 environnementale, car la reconnaissance des causes environnementales a des incidences diverses pour de nombreux groupes de la soci\u00e9t\u00e9\u00bb<\/em>, peut-on lire dans un document \u00e9mis par la Commission canadienne des droits de la personne.<\/p>\n\n\n\n<p><a href=\"http:\/\/www.leveil.com\/Auteur-Valerie-Schmaltz\/2347\/199\/1\">Val\u00e9rie Schmaltz<\/a><\/p>\n\n\n<\/div><\/div>\n<\/div><\/div>\n\n\n\n<div class=\"wp-block-group\"><div class=\"wp-block-group__inner-container is-layout-flow wp-block-group-is-layout-flow\">\n<h3 class=\"wp-block-heading\">changer de province pour obtenir des traitements (french only)<\/h3>\n\n\n<div class=\"su-spoiler su-spoiler-style-default su-spoiler-icon-plus su-spoiler-closed\" data-scroll-offset=\"0\" data-anchor-in-url=\"no\"><div class=\"su-spoiler-title\" tabindex=\"0\" role=\"button\"><span class=\"su-spoiler-icon\"><\/span>Click here to read<\/div><div class=\"su-spoiler-content su-u-clearfix su-u-trim\">\n\n\n\n<p>Publi\u00e9 le 5 Avril 2013<br><em>Nord Info<\/em>&nbsp;et&nbsp;<em>Voix des Mille-Iles<br><\/em><a href=\"http:\/\/www.leveil.com\/Auteur-Valerie-Schmaltz\/2347\/199\/1\">Val\u00e9rie Schmaltz<\/a><\/p>\n\n\n\n<p>Selon Statistique Canada,&nbsp;il y aurait eu, en 2010,&nbsp;environ 179 000 diagnostics d\u2019hypersensibilit\u00e9 environnementale. Une augmentation de 4 % par rapport \u00e0 2005 pour le Qu\u00e9bec et de 34 % pour le Canada.<\/p>\n\n\n\n<p><em>\u00abElle est davantage r\u00e9pandue dans les pays industrialis\u00e9s\u00bb<\/em>, explique le vice-pr\u00e9sident de l\u2019Association pour la sant\u00e9 environnementale du Qu\u00e9bec (ASEQ), Michel Gaudet.<\/p>\n\n\n\n<p>Si ce dernier ne souffre pas d\u2019hypersensibilit\u00e9 environnementale, il a cependant \u00e9t\u00e9 t\u00e9moin, en 1993, de l\u2019empoisonnement aux pesticides de son \u00e9pouse et, \u00e0 moindre \u00e9chelle, de ses deux enfants.&nbsp;<em>\u00abNotre voisin utilisait des pesticides pour traiter un probl\u00e8me d\u2019araign\u00e9es. \u00c0 la suite de cela, la sant\u00e9 de ma femme s\u2019est d\u00e9t\u00e9rior\u00e9e.\u00bb Des tests sanguins pass\u00e9s aux \u00c9tats-Unis r\u00e9v\u00e8lent une tr\u00e8s haute teneur en pesticides chez l\u2019\u00e9pouse de Michel Gaudet, Rohini Peris. \u00abDans les faits, c\u2019est toute la famille qui avait \u00e9t\u00e9 contamin\u00e9e par les pesticides, mais pour ma femme, c\u2019\u00e9tait pire, car elle \u00e9tait rest\u00e9e \u00e0 la maison&nbsp;<\/em><em>toute la journ\u00e9e, contrairement \u00e0 moi qui \u00e9tais parti travailler et les enfants qui \u00e9taient \u00e0 l\u2019\u00e9cole.\u00bb<\/em><\/p>\n\n\n\n<p>Les moins atteints des quatre sont Michel Gaudet et son fils Jonathan.<em>&nbsp;\u00abMa fille a re\u00e7u des traitements en Ontario. Aujourd\u2019hui, elle reste toujours sensible aux odeurs. Fort heureusement, l\u2019entreprise o\u00f9 elle travaille aujourd\u2019hui a \u00e9mis une politique de non-fragrance au travail.\u00bb<\/em><\/p>\n\n\n\n<p>Pour Rohini, par contre, les s\u00e9quelles ont \u00e9t\u00e9 beaucoup plus graves. Ce sont des traitements re\u00e7us en Ontario qui lui ont permis de s\u2019en sortir.&nbsp;<em>\u00abRohini peut aller magasiner, mais elle \u00e9vite la cohue des magasins le jour et pr\u00e9f\u00e8re faire ses commissions le soir, quand le risque de croiser des gens parfum\u00e9s est moindre. Il reste cependant des endroits qui sont plus difficiles pour elle, comme le Canadian Tire, car il y a beaucoup d\u2019odeurs\u00bb<\/em>, pr\u00e9cise M. Gaudet.<\/p>\n\n\n\n<p><strong>Rencontre<\/strong><\/p>\n\n\n\n<p>En Ontario, le traitement pour contrer les effets \u00e0 un empoisonnement r\u00e9cent ou pass\u00e9 passe par un protocole. Celui-ci d\u00e9bute par une premi\u00e8re visite qui peut durer jusqu\u2019\u00e0 deux heures trente minutes. \u00abIl faut analyser toutes les expositions aux produits chimiques qui ont \u00e9t\u00e9 faites dans le pass\u00e9\u00bb, explique Michel Gaudet.<\/p>\n\n\n\n<p>Le traitement consiste \u00e0 abaisser la charge corporelle de la personne atteinte. Il faut donc \u00e9liminer les m\u00e9taux lourds dans le syst\u00e8me par une th\u00e9rapie de ch\u00e9lation. Celle-ci consiste \u00e0 \u00e9vacuer les m\u00e9taux ind\u00e9sirables par voie urinaire en injectant une solution dans une veine du bras. \u00abCe sont des traitements qui co\u00fbtent cher en Ontario\u00bb, affirme M. Gaudet.<\/p>\n\n\n\n<p>Pr\u00e9cisons que dans certaines litt\u00e9ratures, il est mentionn\u00e9 qu\u2019un traitement en ch\u00e9lation peut co\u00fbter plusieurs milliers de dollars et qu\u2019il est rarement rembours\u00e9 par le gouvernement ou les compagnies d\u2019assurance.<\/p>\n\n\n\n<p><strong>Mise en garde des m\u00e9decins de famille de l\u2019Ontario<\/strong><\/p>\n\n\n\n<p>Par voie de communiqu\u00e9, le 12 juin 2012, le Coll\u00e8ge des m\u00e9decins de famille de l\u2019Ontario (CMFO) recommandait fortement au public de r\u00e9duire son exposition aux pesticides chaque fois que possible, et ce, sur la base des conclusions de sa seconde revue exhaustive qui portait sur la recherche li\u00e9e aux effets des pesticides sur la sant\u00e9 humaine.<\/p>\n\n\n\n<p>Cette revue d\u00e9montrait une association entre l\u2019exposition aux pesticides et plusieurs maladies neurologiques et respiratoires, ainsi que des probl\u00e8mes li\u00e9s \u00e0 la reproduction. Ce travail, qui portait sur 142 \u00e9tudes, soulignait que les enfants \u00e9taient particuli\u00e8rement vuln\u00e9rables \u00e0 l\u2019exposition aux pesticides survenant pendant la grossesse.<\/p>\n\n\n\n<p><em>\u00abBon nombre des probl\u00e8mes de sant\u00e9 li\u00e9s aux pesticides sont graves\u00bb<\/em>, d\u00e9clarait le Dr Margaret Sanborn, m\u00e9decin de famille, professeur adjoint d\u2019enseignement clinique \u00e0 l\u2019Universit\u00e9 McMaster et l\u2019un des auteurs de la revue.&nbsp;<em>\u00abIl est donc important de continuer \u00e0 recommander la r\u00e9duction de l\u2019exposition qui reste l\u2019approche la plus efficace.\u00bb<\/em><br><a href=\"http:\/\/www.leveil.com\/Auteur-Valerie-Schmaltz\/2347\/199\/1\">Val\u00e9rie Schmaltz<\/a><\/p>\n\n\n<\/div><\/div>\n<\/div><\/div>\n\n\n\n<div class=\"wp-block-group\"><div class=\"wp-block-group__inner-container is-layout-flow wp-block-group-is-layout-flow\">\n<h3 class=\"wp-block-heading\">la raison d\u2019\u00eatre de l\u2019ASEQ (french only)<\/h3>\n\n\n<div class=\"su-spoiler su-spoiler-style-default su-spoiler-icon-plus su-spoiler-closed\" data-scroll-offset=\"0\" data-anchor-in-url=\"no\"><div class=\"su-spoiler-title\" tabindex=\"0\" role=\"button\"><span class=\"su-spoiler-icon\"><\/span>Click here to read<\/div><div class=\"su-spoiler-content su-u-clearfix su-u-trim\">\n\n\n\n<p>Publi\u00e9 le 5 Avril 2013<br><em>Nord Info&nbsp;<\/em>et<em>&nbsp;Voix des Mille-Iles<\/em><\/p>\n\n\n\n<p>La mission de l\u2019Association pour la sant\u00e9 environnementale du Qu\u00e9bec (ASEQ) est:<\/p>\n\n\n\n<ul class=\"wp-block-list\">\n<li>offrir en location et g\u00e9rer des unit\u00e9s r\u00e9sidentielles \u00e0 prix abordable ainsi que des installations connexes exclusivement pour les personnes de tout \u00e2ge \u00e0 faible revenu qui sont invalides \u00e0 cause des hypersensibilit\u00e9s environnementales et aussi aux personnes souffrant de conditions similaires qui se chevauchent et qui ont des besoins particuliers en habitation;<\/li>\n\n\n\n<li>faire de la recherche pour aider \u00e0 am\u00e9liorer le mod\u00e8le de b\u00e2timents \u00e9cologiques afin qu\u2019il soit reproduit et devienne un exemple de comment construire et vivre pour minimiser notre empreinte \u00e9cologique;<\/li>\n\n\n\n<li>la protection de l\u2019environnement et la sant\u00e9 humaine au plan individuel et collectif,par une sensibilisation, un soutien et des activit\u00e9s de formation de la population, en regard des produits toxiques et des pesticides;<\/li>\n\n\n\n<li>promouvoir des solutions \u00e9cologiques et des strat\u00e9gies les moins toxiques pour pr\u00e9server notre environnement pour les g\u00e9n\u00e9rations futures;<\/li>\n\n\n\n<li>sensibiliser la population \u00e0 l\u2019\u00e9gard des hypersensibilit\u00e9s environnementales et des moyens de minimiser les expositions aux substances reconnues ou pr\u00e9sum\u00e9es toxiques et promouvoir des strat\u00e9gies \u00e0 moindre toxicit\u00e9 \u00e0 titre de mesures de pr\u00e9vention contre les hypersensibilit\u00e9s environnementales;<\/li>\n\n\n\n<li>soutenir les personnes souffrant d\u2019hypersensibilit\u00e9s environnementales en leur procurant de l\u2019information et des services dans l\u2019objectif d\u2019am\u00e9liorer leur qualit\u00e9 de vie;<\/li>\n\n\n\n<li>collaborer \u00e0 l\u2019application des connaissances tir\u00e9es de la recherche sur l\u2019influence des expositions aux facteurs environnementaux sur la sant\u00e9; effectuer des recherches touchant tous les aspects relevant de la sant\u00e9 environnementale et des hypersensibilit\u00e9s environnementales, notamment les m\u00e9canismes sous-jacents, modes de diagnostic et de traitement des hypersensibilit\u00e9s environnementales, ainsi que les effets d\u2019un emploi restreint de produits toxiques.<\/li>\n<\/ul>\n\n\n\n<p>(Source: ASEQ)<\/p>\n\n\n<\/div><\/div>\n<\/div><\/div>\n\n\n\n<div class=\"wp-block-group\"><div class=\"wp-block-group__inner-container is-layout-flow wp-block-group-is-layout-flow\">\n<h3 class=\"wp-block-heading\">A DISABILITY FOR LIFE? (FRENCH ONLY)<\/h3>\n\n\n<div class=\"su-spoiler su-spoiler-style-default su-spoiler-icon-plus su-spoiler-closed\" data-scroll-offset=\"0\" data-anchor-in-url=\"no\"><div class=\"su-spoiler-title\" tabindex=\"0\" role=\"button\"><span class=\"su-spoiler-icon\"><\/span>Click here to read<\/div><div class=\"su-spoiler-content su-u-clearfix su-u-trim\">\n\n\n\n<p>Alors que l\u2019\u00e9pisode des champignons toxiques semble r\u00e9gl\u00e9 une bonne fois pour toutes, Micheline St-Onge n\u2019est pas au bout de ses peines. Deux ou trois mois plus tard, alors qu\u2019elle effectue un simple lavage, elle ressent des engourdissements du c\u00f4t\u00e9 gauche de son corps. Micheline St-Onge explique pourquoi sa bo\u00eete d\u2019entr\u00e9e \u00e9lectrique ne fonctionne qu\u2019\u00e0 moiti\u00e9. Publi\u00e9 le 22 Mars 2013 L&#8217;\u00c9veil et La Concorde Val\u00e9rie Schmaltz \u00abM\u00eame si je ne le savais pas encore, je venais de faire ma toute premi\u00e8re r\u00e9action \u00e0 l\u2019eau de Javel\u00bb, rapporte-t-elle. S\u2019ensuit alors une v\u00e9ritable escalade pour Mme St-Onge. Un apr\u00e8s l\u2019autre, les produits nettoyants lui causent douleurs, engourdissements et enflures dans certains cas. \u00abAujourd\u2019hui, j\u2019ai des r\u00e9actions \u00e0 75 produits utilis\u00e9s dans la vie courante, comme le parfum, le propane, le caoutchouc, le fixatif, les huiles essentielles, etc.\u00bb, \u00e9num\u00e8re-t-elle. C\u2019est sans compter plusieurs intol\u00e9rances, dont celles au gluten et au lactose puis une hypersensibilit\u00e9 \u00e9lectro-magn\u00e9tique qui s\u2019est ajout\u00e9e, il y a maintenant trois ans. \u00abLorsque je suis en contact avec ces produits, j\u2019enfle. En fait, ce sont les tissus mous qui enflent. Mon organisme r\u00e9agit comme s\u2019il \u00e9tait attaqu\u00e9. Pour ce qui est du lactose, c\u2019est la m\u00eame chose, mon abdomen gonfle comme si j\u2019\u00e9tais enceinte de six mois.\u00bb Si aujourd\u2019hui Micheline tol\u00e8re mieux son environnement, c\u2019est aussi en partie gr\u00e2ce \u00e0 des timbres qu\u2019elle fait venir des \u00c9tats-Unis et qui sont destin\u00e9s aux gens qui souffrent d\u2019hypersensibilit\u00e9 environnementale. Ces timbres stimulent des points bien pr\u00e9cis sur son corps. March\u00e9 du travail\u2026<\/p>\n\n\n\n<p><a href=\"http:\/\/www.leveil.com\/Auteur-Valerie-Schmaltz\/2347\/199\/1\">Val\u00e9rie Schmaltz<\/a><\/p>\n\n\n<\/div><\/div>\n<\/div><\/div>\n\n\n\n<div class=\"wp-block-group\"><div class=\"wp-block-group__inner-container is-layout-flow wp-block-group-is-layout-flow\">\n<h3 class=\"wp-block-heading\">Quand la maison rend malade (french only)<\/h3>\n\n\n<div class=\"su-spoiler su-spoiler-style-default su-spoiler-icon-plus su-spoiler-closed\" data-scroll-offset=\"0\" data-anchor-in-url=\"no\"><div class=\"su-spoiler-title\" tabindex=\"0\" role=\"button\"><span class=\"su-spoiler-icon\"><\/span>Click here to read<\/div><div class=\"su-spoiler-content su-u-clearfix su-u-trim\">\n\n\n\n<h4 class=\"wp-block-heading\"><a href=\"http:\/\/www.leveil.com\/section\/2013-03-22\/article-3205550\/Hypersensibilite-environnementale%3A-quand-la-maison-rend-malade\/1\">Hypersensibilit\u00e9 environnementale: quand la maison rend malade<\/a><\/h4>\n\n\n\n<p>Publi\u00e9 le 22 Mars 2013<br><em>Nord Info&nbsp;<\/em>et<em>&nbsp;Voix des Mille-Iles<\/em><br><a href=\"http:\/\/www.leveil.com\/Auteur-Valerie-Schmaltz\/2347\/199\/1\">Val\u00e9rie Schmaltz<\/a><\/p>\n\n\n\n<blockquote class=\"wp-block-quote is-layout-flow wp-block-quote-is-layout-flow\">\n<p>Il aura fallu une ann\u00e9e \u00e0 Micheline St-Onge avant de savoir d\u2019o\u00f9 provenaient ses nombreux probl\u00e8mes de sant\u00e9.<\/p>\n<\/blockquote>\n\n\n\n<p><img loading=\"lazy\" decoding=\"async\" width=\"200\" height=\"300\" srcset=\"https:\/\/www.aseq-ehaq.ca\/wp-content\/uploads\/2014\/07\/quand-la-maison-rend-malade-200x300.jpg 200w, https:\/\/www.aseq-ehaq.ca\/wp-content\/uploads\/2014\/07\/quand-la-maison-rend-malade.jpg 400w\" src=\"https:\/\/www.aseq-ehaq.ca\/wp-content\/uploads\/2014\/07\/quand-la-maison-rend-malade-200x300.jpg\" alt=\"quand-la-maison-rend-malade\"><\/p>\n\n\n\n<p>L\u2019\u00e9t\u00e9 qui suit l\u2019achat de leur maison \u00e0 Ch\u00e2teauguay, Micheline Saint-Onge et son \u00e9poux,&nbsp;Ren\u00e9 Parent, ainsi que leur petit gar\u00e7on partent en Abitibi pendant un mois. De ce s\u00e9jour, Micheline reviendra enceinte de son deuxi\u00e8me enfant.<\/p>\n\n\n\n<p><em>\u00abEn rentrant chez moi, je me suis mise \u00e0 vomir. Puis, \u00e0 vomir jour et nuit. J\u2019avais des \u0153d\u00e8mes aux chevilles. J\u2019ai cru que j\u2019allais mourir. Je n\u2019\u00e9tais m\u00eame plus capable de marcher, de se rem\u00e9morer Mme St-Onge encore tr\u00e8s \u00e9motive au souvenir de ces \u00e9v\u00e8nements. Quand mon mari partait travailler le matin, il me sortait du lit et me couchait sur le divan. C\u2019\u00e9tait mon fils Guillaume, qui avait 4 ans, qui s\u2019occupait de moi.\u00bb<\/em><\/p>\n\n\n\n<p>En octobre de la m\u00eame ann\u00e9e, Micheline et sa famille s\u2019absentent quelques jours pour un congr\u00e8s \u00e0 Qu\u00e9bec. M\u00eame si son \u00e9tat g\u00e9n\u00e9ral est tr\u00e8s mauvais et qu\u2019elle se sent extr\u00eamement faible, Micheline ne vomit plus, et ce, durant les six jours que dure cette pause \u00e0 Qu\u00e9bec. \u00abJ\u2019\u00e9tais alors convaincue que c\u2019\u00e9tait termin\u00e9\u00bb, dit-elle.<br>Mais la tr\u00eave est de courte dur\u00e9e, puisque d\u00e8s son retour chez elle, Micheline commence \u00e0 se sentir mal. \u00ab\u00c7a faisait une demi-heure que j\u2019\u00e9tais arriv\u00e9e et je me suis remise \u00e0 vomir. Et l\u00e0, tout d\u2019un coup, \u00e7a m\u2019a frapp\u00e9e. J\u2019ai fait un lien entre la maison et ma sant\u00e9, explique-t-elle. Puis, avec le recul, je constatais que tous les gens qui \u00e9taient venus chez nous avaient tous \u00e9t\u00e9 malades.\u00bb<\/p>\n\n\n\n<p><strong>D\u00e9marches<\/strong><\/p>\n\n\n\n<p>Membre d\u2019une association environnementale, Micheline fait des d\u00e9marches aupr\u00e8s de plusieurs personnes. Finalement, c\u2019est aupr\u00e8s d\u2019un m\u00e9decin de Qu\u00e9bec que Micheline St-Onge apprend ce qu\u2019elle a. \u00abIl m\u2019a d\u00e9crit les sympt\u00f4mes, dont ce go\u00fbt d\u2019huile que j\u2019avais en permanence dans la bouche. J\u2019ai su que tous mes maux et affections diverses \u00e9taient peut-\u00eatre caus\u00e9s par des champignons que nous avions dans la maison. Mais o\u00f9? \u00c0 la suite de cette explication, nous avons alors install\u00e9 rapidement un \u00e9changeur d\u2019air dans la maison.\u00bb<\/p>\n\n\n\n<p>Au terme de plusieurs tests effectu\u00e9s dans la maison avec des sp\u00e9cialistes en toxicit\u00e9, deux champignons toxiques sont identifi\u00e9s dans la maison, l\u2019Aspergelluis et le Penicillium. \u00abUn an apr\u00e8s, on a finalement su ce qui causait nos probl\u00e8mes de sant\u00e9.\u00bb<br>La seule option est donc de nettoyer la maison. \u00abLes champignons se trouvaient dans le plafond du sous-sol. Il y en avait partout, sur toute la longueur de la maison\u00bb, continue Mme St-Onge. Les produits employ\u00e9s par Ren\u00e9 pour se d\u00e9barrasser des moisissures lui font perdre temporairement la voix. Entre-temps, loin de chez elle, Micheline donne naissance \u00e0 son deuxi\u00e8me gar\u00e7on. En d\u00e9pit de son poids sant\u00e9, le petit semble tr\u00e8s fragile au niveau pulmonaire. \u00abMon fils n\u2019a pas de capacit\u00e9 pulmonaire. Je ne sais pas, et probablement je ne le saurai jamais, si \u00e7\u2019a \u00e9t\u00e9 caus\u00e9 par tout cela\u00bb, pense Mme St-Onge.<br>Finalement, au bout de plusieurs semaines, Micheline retourne vivre chez elle, la maison n\u2019ayant apparemment plus de champignons. Mais les probl\u00e8mes ne feront que commencer.<\/p>\n\n\n\n<p><a href=\"http:\/\/www.leveil.com\/Auteur-Valerie-Schmaltz\/2347\/199\/1\">Val\u00e9rie Schmaltz<\/a><\/p>\n\n\n<\/div><\/div>\n<\/div><\/div>\n\n\n\n<div class=\"wp-block-group\"><div class=\"wp-block-group__inner-container is-layout-flow wp-block-group-is-layout-flow\">\n<h3 class=\"wp-block-heading\">DAY OF AWARENESS AT THE NATIONAL ASSEMBLY OF QU\u00c9BEC<\/h3>\n\n\n<div class=\"su-spoiler su-spoiler-style-default su-spoiler-icon-plus su-spoiler-closed\" data-scroll-offset=\"0\" data-anchor-in-url=\"no\"><div class=\"su-spoiler-title\" tabindex=\"0\" role=\"button\"><span class=\"su-spoiler-icon\"><\/span>Click here to read<\/div><div class=\"su-spoiler-content su-u-clearfix su-u-trim\">\n\n\n\n<p>September 22, 2011<br>We are pleased to announce that EHAQ\u2019s petition to have May 12th recognized as Environmental Sensitivities Day and the month of May as Environmental Sensitivities Month in Quebec will be read at the National Assembly of Quebec by MNA Pierre Marsan.<\/p>\n\n\n\n<figure class=\"wp-block-video\"><video controls src=\"https:\/\/aseq-ehaq.ca\/wp-content\/uploads\/2021\/03\/ch201109220945_AM_7477bb51-600a-4a86-8a30-349a3ec98350.mp4\"><\/video><\/figure>\n\n\n\n<h2 class=\"wp-block-heading\">Declaration of the MNA from Robert-Baldwin -Pierre Marsan<\/h2>\n\n\n<div class=\"wp-block-image\">\n<figure class=\"alignleft\"><img decoding=\"async\" src=\"https:\/\/www.aseq-ehaq.ca\/wp-content\/uploads\/2014\/06\/a_n_2011.jpg\" alt=\"a_n_2011\" class=\"wp-image-967\"\/><\/figure>\n<\/div>\n\n\n<p>It gives me pleasure to speak today to congratulate the Environmental Health Association of Quebec that helps people suffering from Environmental Sensitivities and its President, Mrs. Rohini Peris.<\/p>\n\n\n\n<p>Data from Statistics Canada, 2010, shows that the number of Canadians diagnosed with Multiple Chemical Sensitivity has increased by 34% since the Canadian Community Health Survey, 2005. Presently, these medical conditions are difficult to diagnose.<\/p>\n\n\n\n<p>The Association wishes that following the example of other countries, such as Germany, Japan, Austria that provide health and social services to people suffering from Environmental Sensitivities that Quebec could give the necessary medical care to people suffering from sensitivities.<\/p>\n\n\n\n<p>Appropriate medical care that is timely and adequate for people suffering from environmental sensitivities will improve their health, resulting in savings to the health system.<\/p>\n\n\n\n<p>I congratulate Mrs. Rohini Peris and her team for the work accomplished to make this illness known and for the work done to help people with this condition.<\/p>\n\n\n<\/div><\/div>\n<\/div><\/div>\n\n\n\n<p><\/p>\n","protected":false},"excerpt":{"rendered":"<p>June 3, 2024 \u2013 Media Women with chemical sensitivities chose medically-assisted death after failed bid to get better housing, CTV, April 13, 2022 MEDIA COVERAGE Cause toujours, d\u00e9sastre naturel (in french only) Environmental Sensitivities \u2013 ADR.TV (in french only) ECOASIS: Environmental Sensitivities (in french only) ENVIRONMENTAL SENSITIVITIES \u2013 A REAL PROBLEM (FRENCH ONLY) Un ph\u00e9nom\u00e8ne qui n\u2019est pas reconnu au [&hellip;]<\/p>\n","protected":false},"author":6,"featured_media":0,"parent":828,"menu_order":0,"comment_status":"closed","ping_status":"closed","template":"","meta":{"footnotes":""},"class_list":["post-1343","page","type-page","status-publish","hentry"],"_links":{"self":[{"href":"https:\/\/aseq-ehaq.ca\/en\/wp-json\/wp\/v2\/pages\/1343","targetHints":{"allow":["GET"]}}],"collection":[{"href":"https:\/\/aseq-ehaq.ca\/en\/wp-json\/wp\/v2\/pages"}],"about":[{"href":"https:\/\/aseq-ehaq.ca\/en\/wp-json\/wp\/v2\/types\/page"}],"author":[{"embeddable":true,"href":"https:\/\/aseq-ehaq.ca\/en\/wp-json\/wp\/v2\/users\/6"}],"replies":[{"embeddable":true,"href":"https:\/\/aseq-ehaq.ca\/en\/wp-json\/wp\/v2\/comments?post=1343"}],"version-history":[{"count":0,"href":"https:\/\/aseq-ehaq.ca\/en\/wp-json\/wp\/v2\/pages\/1343\/revisions"}],"up":[{"embeddable":true,"href":"https:\/\/aseq-ehaq.ca\/en\/wp-json\/wp\/v2\/pages\/828"}],"wp:attachment":[{"href":"https:\/\/aseq-ehaq.ca\/en\/wp-json\/wp\/v2\/media?parent=1343"}],"curies":[{"name":"wp","href":"https:\/\/api.w.org\/{rel}","templated":true}]}}