{"id":10378,"date":"2023-12-14T15:16:09","date_gmt":"2023-12-14T20:16:09","guid":{"rendered":"https:\/\/aseq-ehaq.ca\/?page_id=10378"},"modified":"2024-10-11T08:17:36","modified_gmt":"2024-10-11T12:17:36","slug":"canada-legal-workshops-mcs","status":"publish","type":"page","link":"https:\/\/aseq-ehaq.ca\/en\/canada-legal-workshops-mcs\/","title":{"rendered":"Legal Events Across Canada"},"content":{"rendered":"\n<h3 class=\"wp-block-heading\"><strong>Legal Events Across Canada<\/strong><\/h3>\n\n\n\n<p><\/p>\n\n\n\n<div class=\"wp-block-group blackborder has-white-background-color has-background\"><div class=\"wp-block-group__inner-container is-layout-constrained wp-block-group-is-layout-constrained\">\n<p><strong>Registration<br><br><br><\/strong>Discover key legal insights in our series of eight workshops, each tailored to address key legal topics in different provinces.<br><strong><a href=\"https:\/\/aseq-ehaq.ca\/en\/registration-legal-workshop-2\/\">Click here to register and learn more!<\/a><\/strong><\/p>\n<\/div><\/div>\n\n\n\n<div class=\"wp-block-columns is-layout-flex wp-container-core-columns-is-layout-9d6595d7 wp-block-columns-is-layout-flex\">\n<div class=\"wp-block-column is-layout-flow wp-block-column-is-layout-flow\" style=\"flex-basis:20%\">\n<p><strong>WORKSHOPS<\/strong><\/p>\n\n\n\n<p><strong>National Event<\/strong><\/p>\n\n\n\n<p><strong><a href=\"https:\/\/aseq-ehaq.ca\/wp-content\/uploads\/2024\/10\/AGENDA-NATIONAL-EVENT-EN-NOV-21-2024-final.pdf\" target=\"_blank\" rel=\"noreferrer noopener\">Agenda<\/a><\/strong><\/p>\n\n\n\n<p><strong><a href=\"https:\/\/aseq-ehaq.ca\/wp-content\/uploads\/2024\/10\/Speakers-Bio-National-Conference.pdf\" target=\"_blank\" rel=\"noreferrer noopener\">Speakers<\/a><\/strong><\/p>\n\n\n\n<p><strong>British Columbia<\/strong><\/p>\n\n\n\n<p><strong><a href=\"https:\/\/aseq-ehaq.ca\/wp-content\/uploads\/2024\/01\/Workshop-Details-BC-Jan-30-2024.pdf\" target=\"_blank\" rel=\"noreferrer noopener\">Workshop Details<\/a><\/strong><\/p>\n\n\n\n<p><strong><a href=\"https:\/\/aseq-ehaq.ca\/pdf\/Speakers-BC-Workshop.pdf\" target=\"_blank\" rel=\"noreferrer noopener\">Speakers<\/a><\/strong><\/p>\n\n\n\n<p><a href=\"https:\/\/youtu.be\/mN14N3USWr4\" target=\"_blank\" rel=\"noreferrer noopener\"><strong>Workshop Recording<\/strong><\/a><\/p>\n\n\n\n<p><strong>Qu\u00e9bec<\/strong><\/p>\n\n\n\n<p><strong><a href=\"https:\/\/aseq-ehaq.ca\/en\/ecrob-project-legal-outreach-for-the-disability-of-mcs\/\">Workshop: Accessible justice and human rights for persons with Multiple Chemical Sensitivity (MCS) in Qu\u00e9bec<\/a><\/strong><br><em>Training eligibility has been confirmed by the Qu\u00e9bec Bar (Barreau du Qu\u00e9bec)<\/em> <em>for the purposes of mandatory continuing education, for a duration of 2 \u00bd hours<\/em><\/p>\n\n\n\n<p><strong><a href=\"https:\/\/aseq-ehaq.ca\/pdf\/Workshop-Details-Quebec-Feb-29-2024.pdf\" target=\"_blank\" rel=\"noreferrer noopener\">Description and Agenda<\/a><\/strong><br><br><a href=\"https:\/\/aseq-ehaq.ca\/wp-content\/uploads\/2024\/01\/Speakers_Quebec_Feb292024-1.pdf\" target=\"_blank\" rel=\"noreferrer noopener\"><strong>Speakers<\/strong><\/a><\/p>\n\n\n\n<p><\/p>\n\n\n\n<p><strong>Manitoba<\/strong><\/p>\n\n\n\n<p><strong><a href=\"https:\/\/aseq-ehaq.ca\/pdf\/AGENDA_MB.pdf\" target=\"_blank\" rel=\"noreferrer noopener\">Agenda<\/a><\/strong><\/p>\n\n\n\n<p><strong><a href=\"https:\/\/aseq-ehaq.ca\/pdf\/Speakers_bio-EN-MB.pdf\">Speakers<\/a><\/strong><\/p>\n\n\n\n<p><strong>Saskatchewan<\/strong><\/p>\n\n\n\n<p><strong><a href=\"https:\/\/aseq-ehaq.ca\/pdf\/AGENDA_SK.pdf\" target=\"_blank\" rel=\"noreferrer noopener\">Agenda<\/a><\/strong><\/p>\n\n\n\n<p><strong><a href=\"https:\/\/aseq-ehaq.ca\/wp-content\/uploads\/2024\/04\/Speakers_Saskatchewan-legal-event-2024-04-25.pdf\" target=\"_blank\" rel=\"noreferrer noopener\">Speakers<\/a><\/strong><\/p>\n\n\n\n<p><strong>Alberta<\/strong><\/p>\n\n\n\n<p><strong><a href=\"https:\/\/aseq-ehaq.ca\/pdf\/AGENDA-Alberta.pdf\" target=\"_blank\" rel=\"noreferrer noopener\">Agenda<\/a><\/strong><\/p>\n\n\n\n<p><strong><a href=\"https:\/\/aseq-ehaq.ca\/pdf\/Speakers_bio-EN-AB.pdf\" target=\"_blank\" rel=\"noreferrer noopener\">Speakers<\/a><\/strong><\/p>\n<\/div>\n\n\n\n<div class=\"wp-block-column is-layout-flow wp-block-column-is-layout-flow\" style=\"flex-basis:80%\">\n<p><strong>Description of Event<\/strong><\/p>\n\n\n\n<figure class=\"wp-block-image size-full\"><a href=\"https:\/\/forms.gle\/9P72YzV1x2UVL9vb9\" target=\"_blank\" rel=\"noreferrer noopener\"><img loading=\"lazy\" decoding=\"async\" width=\"400\" height=\"125\" src=\"https:\/\/aseq-ehaq.ca\/wp-content\/uploads\/2024\/01\/Take-the-Survey-Button-15-1.png\" alt=\"\" class=\"wp-image-10907\" srcset=\"https:\/\/aseq-ehaq.ca\/wp-content\/uploads\/2024\/01\/Take-the-Survey-Button-15-1.png 400w, https:\/\/aseq-ehaq.ca\/wp-content\/uploads\/2024\/01\/Take-the-Survey-Button-15-1-300x94.png 300w\" sizes=\"auto, (max-width: 400px) 100vw, 400px\" \/><\/a><\/figure>\n\n\n\n<p>Legal workshops on Multiple Chemical Sensitivity (MCS) titled \u2018<strong>Accessible justice and human rights for persons with Multiple Chemical Sensitivity<\/strong>\u2019 will be presented across Canada and will deliver a presentation on specific human rights related issues as they relate to people with the disability of MCS. This event reflects the ongoing efforts to become a better, more accessible, and more inclusive society and offers the possibility to discuss legal aspects related to access to justice, and advancing equity, diversity and inclusion within the legal profession. The presentation will cover both the medical and legal aspects of MCS, including lived experience of the condition and human rights specific to each province across Canada.<\/p>\n\n\n\n<p>This event stems from the Empowering Community and Removal of Barriers (ECRoB) project, funded in part by the Government of Canada\u2019s Partnership Programs, Disability Component. One of the primary objectives of the ECRoB project is to build capacity and inclusion by educating people who experience the disability of MCS on their rights and to increase their access to legal support and other information to effectively manage their disabilities.<\/p>\n\n\n\n<p>We have requested the participation of the Canadian Law Societies to participate in this event. The project\u2019s first partnership with a regulating body of legal practitioners began with the Law Society of Ontario in delivering an event on May 31<sup>st<\/sup>, 2023 titled : National AccessAbility Week 2023<strong>. <\/strong>The recording of that program is available here: <a href=\"https:\/\/lso.freestonelms.com\/viewer\/eyJ0eXAiOiJKV1QiLCJhbGciOiJIUzI1NiJ9.eyJjaGFwdGVySUQiOjQ1NDIwNywiY3VzdG9tZXJJRCI6MTEzMTEzMjR9.WKvzEKID_C9zYtZK8wp7Qslw0UfngmjxXRmU8b-zgdg\"><u>Law Society of Ontario \u2013 ARCH Archived Webcast<\/u><\/a>. The event reached over 1000 participants including legal professionals.<\/p>\n\n\n\n<p><strong>About MCS<\/strong><\/p>\n\n\n\n<p>MCS is increasing in Canada. In 2020, 1,130,800 people have been diagnosed with MCS of which, 72% are women, and close to 50% are over the age of 55. (CCHS, Statistics Canada, 2020).<\/p>\n\n\n\n<p>People with Multiple Chemical Sensitivity (MCS) face many barriers accessing justice because the disability is not well known. People with MCS are in our communities and are entitled to the same rights and protections as everyone else. However, many individuals with disabilities continue to face stigma, exclusion and barriers that hold them back from succeeding in our society.<\/p>\n\n\n\n<p>One of the primary objectives of the ECRoB project is to build capacity and inclusion by educating people with the disability of MCS on their rights and to increase their access to legal support and other information to effectively manage their disability.<\/p>\n\n\n\n<p><strong>Partners in the project<\/strong><\/p>\n\n\n\n<p>Hosted by the Environmental Health Association of Quebec (EHAQ), the Environmental Health Association of Canada (EHAC), in partnership with the ARCH Disability Law Centre, La Conf\u00e9d\u00e9ration des organismes de personnes handicap\u00e9es du Qu\u00e9bec (COPHAN), the Council of Canadians with Disabilities, NB Lung, Indigenous Disability Canada\/British Columbia Aboriginal Network on Disability Society (BCANDS), and Spinal Cord Injury Canada, this event will focus on providing insights into the current state of the law regarding MCS, with an emphasis on human rights issues and legal resources available for people with the disability of MCS.<\/p>\n\n\n\n<p style=\"text-decoration:underline\"><strong>Topics Addressed at the Event<\/strong><\/p>\n\n\n\n<p><strong>The Medico-Legal Aspect of MCS<\/strong><\/p>\n\n\n\n<p><strong>Dr. John Molot &#8211; <\/strong>Environmental Health Clinic, Women&#8217;s College Hospital:<\/p>\n\n\n\n<ul class=\"wp-block-list\">\n<li>Prevalence&nbsp;<\/li>\n\n\n\n<li>Type\/examples of appropriate accommodations<\/li>\n\n\n\n<li>Harm\/Effects of lack of accommodations&nbsp;<\/li>\n\n\n\n<li>Questions lawyers should ask to better understand client\u2019s accommodation needs&nbsp;&nbsp;<\/li>\n<\/ul>\n\n\n\n<p>Dr. John Molot will speak about the multiple lines of evidence that explain pathophysiological mechanisms of MCS, which overlap with comorbid conditions. The purpose is to increase understanding of this complex disabling condition and to empower legal professionals to help support, and advocate for their clients.<\/p>\n\n\n\n<p><strong>The Applicability of Human Rights Laws for People with the Disability of MCS<\/strong><\/p>\n\n\n\n<p><strong>Representatives of the Human Rights Commissions<\/strong><\/p>\n\n\n\n<ul class=\"wp-block-list\">\n<li>Human Rights Commissions in the provinces listed below,* will deliver province-specific rights for people who experience the disability of MCS<\/li>\n<\/ul>\n\n\n\n<p><strong>Guest Speakers <\/strong><strong>\u2013 Lawyers from different Canad<\/strong><strong>ian Provinces*<\/strong><\/p>\n\n\n\n<p><strong>*British Columbia, Alberta, Qu\u00e9bec, Manitoba, Saskatchewan, Northwest Territories, Nunavut, Yukon<\/strong><\/p>\n\n\n\n<p>The guest speakers will focus on providing insights into the current state of the law regarding MCS, with an emphasis on human rights issues and legal resources available for people with the disability of MCS. While the primary focus is on these aspects, they will touch on other relevant topics pertaining to MCS. Your expertise and insights will greatly benefit the legal community in this field.<\/p>\n\n\n\n<p><strong>Rights of accommodations for persons with Multiple Chemical Sensitivity<\/strong><\/p>\n\n\n\n<p><strong>Access to justice issues facing MCS<\/strong><\/p>\n\n\n\n<p><strong>Robert Lattanzio \u2013 Lawyer &amp; Executive Director, ARCH Disability<\/strong><\/p>\n\n\n\n<ul class=\"wp-block-list\">\n<li>Access to justice issues facing MCS communities drawn from ARCH\u2019s legal practice<\/li>\n\n\n\n<li>The duty to accommodate in the delivery of legal services<\/li>\n\n\n\n<li>Effective strategies for an accessible practice as it relates to MCS<\/li>\n\n\n\n<li>About the ECRoB project (Empowering Community and Removal of Barriers)<\/li>\n<\/ul>\n\n\n\n<p>Robert will speak about how disability is understood in law and within human rights law in particular. He will also offer some consideration on how to support patients with disabilities with their accommodation requests to their employers, education service providers or other contexts. Robert will also offer some reflections on the duty to accommodate that healthcare providers have toward their patients with disabilities.<\/p>\n\n\n\n<p><strong><a href=\"https:\/\/aseq-ehaq.ca\/pdf\/Speakers_bio-EN2.pdf\" target=\"_blank\" rel=\"noreferrer noopener\">Click here to view the Bio of the speakers<\/a><\/strong><\/p>\n\n\n\n<p><strong>Who is this event for?<\/strong><\/p>\n\n\n\n<p><em>Given the increasing prevalence of MCS and the barriers people with MCS experience accessing legal support, this event is for all legal professionals to assist in removing barriers, providing appropriate support, and improving access to justice and human rights.<\/em><\/p>\n<\/div>\n<\/div>\n\n\n\n<p><strong>Partners in the ECRoB Project<\/strong><\/p>\n\n\n\n<table cellpadding=\"7\" cellspacing=\"0\" width=\"624\" valign=\"top\" style=\"text-align:center; margin:auto;\">\n<col width=\"232\"> <col width=\"362\"> <tbody>\n<tr>\n<td valign=\"top\" style=\"text-align:center; margin:auto;\"><a href=\"https:\/\/ehac-asec.ca\/\">\n<img loading=\"lazy\" decoding=\"async\" src=\"https:\/\/aseq-ehaq.ca\/wp-content\/uploads\/2023\/12\/EHAC-Logo.png\" \nalign=\"bottom\" border=\"0\" height=\"61\" width=\"151\"><\/a>\n<\/td>\n<td>\nEnvironmental Health Association of Canada\n<\/td>\n<\/tr>\n<tr valign=\"top\">\n<td><a href=\"https:\/\/archdisabilitylaw.ca\/\">\n<img loading=\"lazy\" decoding=\"async\" src=\"https:\/\/aseq-ehaq.ca\/wp-content\/uploads\/2023\/11\/l1.webp\" \nalign=\"bottom\" border=\"0\" height=\"61\" width=\"151\"><\/a>\n<\/td>\n<td>\nARCH Disability Law Centre\n<\/td>\n<\/tr>\n<tr valign=\"top\">\n<td><a href=\"https:\/\/nblung.ca\/\">\n<img loading=\"lazy\" decoding=\"async\" src=\"https:\/\/aseq-ehaq.ca\/wp-content\/uploads\/2023\/11\/l2.webp\"\nalign=\"bottom\" border=\"0\" height=\"88\" width=\"150\"><\/a>\n<\/td>\n<td>\nNB Lung\n<\/td>\n<\/tr>\n<tr valign=\"top\">\n<td><a href=\"https:\/\/resilient-health.ca\/cnhhe\/\">\n<img loading=\"lazy\" decoding=\"async\" src=\"https:\/\/aseq-ehaq.ca\/wp-content\/uploads\/2023\/11\/l3.webp\"\nalign=\"bottom\" border=\"0\" height=\"68\" width=\"172\"><\/a>\n<\/td>\n<td>\nCanadian Network for Human Health and the Environment (CNHHE)\n<\/td>\n<\/tr>\n<tr valign=\"top\">\n<td><a href=\"http:\/\/www.ccdonline.ca\/en\/\">\n<img loading=\"lazy\" decoding=\"async\" src=\"https:\/\/aseq-ehaq.ca\/wp-content\/uploads\/2023\/11\/l4.webp\"\nalign=\"bottom\" border=\"0\" height=\"78\" width=\"167\"><\/a>\n<\/td>\n<td>\nCouncil of Canadians with Disabilities (CCD)\n<\/td>\n<\/tr>\n<tr valign=\"top\">\n<td><a href=\"https:\/\/sci-can.ca\/\">\n<img loading=\"lazy\" decoding=\"async\" src=\"https:\/\/aseq-ehaq.ca\/wp-content\/uploads\/2023\/11\/l5.webp\"\nalign=\"bottom\" border=\"0\" height=\"77\" width=\"210\"><\/a>\n<\/td>\n<td>Spinal Cord Injury Canada\n<\/td>\n<\/tr>\n<tr valign=\"top\">\n<td> <a href=\"https:\/\/cophan.org\/\"><img loading=\"lazy\" decoding=\"async\" src=\"https:\/\/aseq-ehaq.ca\/wp-content\/uploads\/2023\/11\/l6.webp\"\nalign=\"bottom\" border=\"0\" height=\"46\" width=\"215\"><\/a>\n<\/td>\n<td>\nLa Conf\u00e9d\u00e9ration des organismes de\npersonnes handicap\u00e9es du Qu\u00e9bec (COPHAN)\n<\/td>\n<\/tr>\n<tr valign=\"top\">\n<td><a href=\"http:\/\/www.bcands.bc.ca\/\">\n<img loading=\"lazy\" decoding=\"async\" src=\"https:\/\/aseq-ehaq.ca\/wp-content\/uploads\/2023\/11\/l7.webp\"\nalign=\"bottom\" border=\"0\" height=\"51\" width=\"217\"><\/a>\n<\/td>\n<td>\nIndigenous Disability Canada \/British Columbia\nAboriginal Network on Disability Society (BCANDS)\n<\/td>\n<\/tr>\n<tr valign=\"top\">\n<td>\n<a\nhref=\"https:\/\/healthsciences.ontariotechu.ca\/people\/faculty\/caroline-barakat.php\">Caroline Barakat | Faculty of Health Sciences\n(ontariotechu.ca)<\/a>\n<\/td>\n<td>\nCaroline\nBarkat, PhD\n<\/td>\n<\/tr>\n<tr valign=\"top\">\n<td>\n<a\nhref=\"https:\/\/johnmolot.com\/about\/\">About |\nJohn Molot<\/a>\n<\/td>\n<td>John Molot, MD\n<\/td>\n<\/tr>\n<tr valign=\"top\">\n<td>\n<a\nhref=\"https:\/\/enviromedclinic.com\/dr-riina-bray-md\/\">Dr. Riina Bray, MD \u2013 EnviroMed Clinic<\/a>\n<\/td>\n<td>\nRina Bray, MD\n<\/td>\n<\/tr>\n<\/tbody>\n<\/table>\n","protected":false},"excerpt":{"rendered":"<p>Legal Events Across Canada Registration Discover key legal insights in our series of eight workshops, each tailored to address key legal topics in different provinces.Click here to register and learn more! WORKSHOPS National Event Agenda Speakers British Columbia Workshop Details Speakers Workshop Recording Qu\u00e9bec Workshop: Accessible justice and human rights for persons with Multiple Chemical Sensitivity (MCS) in Qu\u00e9becTraining eligibility [&hellip;]<\/p>\n","protected":false},"author":15,"featured_media":0,"parent":0,"menu_order":0,"comment_status":"closed","ping_status":"closed","template":"","meta":{"footnotes":""},"class_list":["post-10378","page","type-page","status-publish","hentry"],"_links":{"self":[{"href":"https:\/\/aseq-ehaq.ca\/en\/wp-json\/wp\/v2\/pages\/10378","targetHints":{"allow":["GET"]}}],"collection":[{"href":"https:\/\/aseq-ehaq.ca\/en\/wp-json\/wp\/v2\/pages"}],"about":[{"href":"https:\/\/aseq-ehaq.ca\/en\/wp-json\/wp\/v2\/types\/page"}],"author":[{"embeddable":true,"href":"https:\/\/aseq-ehaq.ca\/en\/wp-json\/wp\/v2\/users\/15"}],"replies":[{"embeddable":true,"href":"https:\/\/aseq-ehaq.ca\/en\/wp-json\/wp\/v2\/comments?post=10378"}],"version-history":[{"count":0,"href":"https:\/\/aseq-ehaq.ca\/en\/wp-json\/wp\/v2\/pages\/10378\/revisions"}],"wp:attachment":[{"href":"https:\/\/aseq-ehaq.ca\/en\/wp-json\/wp\/v2\/media?parent=10378"}],"curies":[{"name":"wp","href":"https:\/\/api.w.org\/{rel}","templated":true}]}}